{"id":287,"date":"2019-11-09T09:28:51","date_gmt":"2019-11-09T08:28:51","guid":{"rendered":"http:\/\/valoburo.fr\/?page_id=287"},"modified":"2025-03-03T14:07:59","modified_gmt":"2025-03-03T13:07:59","slug":"qui-suis-je","status":"publish","type":"page","link":"https:\/\/valoburo.fr\/index.php\/qui-suis-je\/","title":{"rendered":"Qui suis-je?"},"content":{"rendered":"\t\t<div data-elementor-type=\"wp-page\" data-elementor-id=\"287\" class=\"elementor elementor-287\" data-elementor-post-type=\"page\">\n\t\t\t\t\t\t<section class=\"elementor-section elementor-top-section elementor-element elementor-element-2c11bfd elementor-section-boxed elementor-section-height-default elementor-section-height-default\" data-id=\"2c11bfd\" data-element_type=\"section\">\n\t\t\t\t\t\t<div class=\"elementor-container elementor-column-gap-default\">\n\t\t\t\t\t<div class=\"elementor-column elementor-col-100 elementor-top-column elementor-element elementor-element-7f4c876\" data-id=\"7f4c876\" data-element_type=\"column\">\n\t\t\t<div class=\"elementor-widget-wrap elementor-element-populated\">\n\t\t\t\t\t\t<div class=\"elementor-element elementor-element-a7a1155 elementor-widget elementor-widget-heading\" data-id=\"a7a1155\" data-element_type=\"widget\" data-widget_type=\"heading.default\">\n\t\t\t\t<div class=\"elementor-widget-container\">\n\t\t\t\t\t<h1 class=\"elementor-heading-title elementor-size-default\">Le d\u00e9veloppement de votre activit\u00e9 au c\u0153ur de mon intervention.<\/h1>\t\t\t\t<\/div>\n\t\t\t\t<\/div>\n\t\t\t\t<div class=\"elementor-element elementor-element-22495d0 elementor-widget elementor-widget-spacer\" data-id=\"22495d0\" data-element_type=\"widget\" data-widget_type=\"spacer.default\">\n\t\t\t\t<div class=\"elementor-widget-container\">\n\t\t\t\t\t\t\t<div class=\"elementor-spacer\">\n\t\t\t<div class=\"elementor-spacer-inner\"><\/div>\n\t\t<\/div>\n\t\t\t\t\t\t<\/div>\n\t\t\t\t<\/div>\n\t\t\t\t\t<\/div>\n\t\t<\/div>\n\t\t\t\t\t<\/div>\n\t\t<\/section>\n\t\t\t\t<section class=\"elementor-section elementor-top-section elementor-element elementor-element-3a9069e elementor-section-boxed elementor-section-height-default elementor-section-height-default\" data-id=\"3a9069e\" data-element_type=\"section\">\n\t\t\t\t\t\t<div class=\"elementor-container elementor-column-gap-default\">\n\t\t\t\t\t<div class=\"elementor-column elementor-col-100 elementor-top-column elementor-element elementor-element-8804719\" data-id=\"8804719\" data-element_type=\"column\">\n\t\t\t<div class=\"elementor-widget-wrap elementor-element-populated\">\n\t\t\t\t\t\t<div class=\"elementor-element elementor-element-c73c56d elementor-widget elementor-widget-video\" data-id=\"c73c56d\" data-element_type=\"widget\" data-settings=\"{&quot;autoplay&quot;:&quot;yes&quot;,&quot;video_type&quot;:&quot;hosted&quot;,&quot;controls&quot;:&quot;yes&quot;}\" data-widget_type=\"video.default\">\n\t\t\t\t<div class=\"elementor-widget-container\">\n\t\t\t\t\t\t\t<div class=\"e-hosted-video elementor-wrapper elementor-open-inline\">\n\t\t\t\t\t<video class=\"elementor-video\" src=\"https:\/\/valoburo.fr\/wp-content\/uploads\/2025\/03\/Presentation-Valerie-LUGANT-version-reduite.mp4\" autoplay=\"\" controls=\"\" controlsList=\"nodownload\"><\/video>\n\t\t\t\t<\/div>\n\t\t\t\t\t\t<\/div>\n\t\t\t\t<\/div>\n\t\t\t\t<div class=\"elementor-element elementor-element-062257d elementor-widget elementor-widget-spacer\" data-id=\"062257d\" data-element_type=\"widget\" data-widget_type=\"spacer.default\">\n\t\t\t\t<div class=\"elementor-widget-container\">\n\t\t\t\t\t\t\t<div class=\"elementor-spacer\">\n\t\t\t<div class=\"elementor-spacer-inner\"><\/div>\n\t\t<\/div>\n\t\t\t\t\t\t<\/div>\n\t\t\t\t<\/div>\n\t\t\t\t<div class=\"elementor-element elementor-element-98b9298 elementor-widget elementor-widget-heading\" data-id=\"98b9298\" data-element_type=\"widget\" data-widget_type=\"heading.default\">\n\t\t\t\t<div class=\"elementor-widget-container\">\n\t\t\t\t\t<h2 class=\"elementor-heading-title elementor-size-default\">Pourquoi ai-je cr\u00e9\u00e9 Val'o buro ?<\/h2>\t\t\t\t<\/div>\n\t\t\t\t<\/div>\n\t\t\t\t<div class=\"elementor-element elementor-element-060ee67 elementor-widget elementor-widget-text-editor\" data-id=\"060ee67\" data-element_type=\"widget\" data-widget_type=\"text-editor.default\">\n\t\t\t\t<div class=\"elementor-widget-container\">\n\t\t\t\t\t\t\t\t\t<p><span style=\"font-family: Sarabun;\">2009, je suis recrut\u00e9e dans une entreprise du b\u00e2timent en pleine expansion.\u00a0<\/span><br style=\"font-family: Sarabun;\" \/><span style=\"font-family: Sarabun;\">Ma mission initiale consistait \u00e0 soutenir la secr\u00e9taire d\u00e9j\u00e0 en place, face \u00e0 l&rsquo;augmentation du nombre de factures fournisseurs et clients \u00e0 g\u00e9rer.\u00a0<\/span><br style=\"font-family: Sarabun;\" \/><span style=\"font-family: Sarabun;\">Ce changement d&rsquo;\u00e9chelle demandait en r\u00e9alit\u00e9 de repenser en profondeur les t\u00e2ches administratives. Il fallait non seulement les automatiser, mais \u00e9galement les tracer \u00e0 l&rsquo;aide de fichiers de suivi et surtout les normaliser sous forme de proc\u00e9dures afin qu&rsquo;elles puissent \u00eatre facilement assimil\u00e9es par les nouveaux collaborateurs qui allaient int\u00e9grer l&rsquo;entreprise.\u00a0<\/span><br style=\"font-family: Sarabun;\" \/><span style=\"font-family: Sarabun;\">J&rsquo;avais appris \u00e0 mener ces missions de normalisation au sein de grandes entreprises pour lesquelles j&rsquo;avais pr\u00e9c\u00e9demment travaill\u00e9. <\/span><span style=\"font-family: Sarabun;\">Pourtant cette exp\u00e9rience m&rsquo;a permis de constater que ces m\u00e9thodes de travail \u00e9taient non seulement accessibles aux TPE\/PME gr\u00e2ce \u00e0 la d\u00e9mocratisation des outils informatiques, mais qu&rsquo;elles \u00e9taient redoutablement efficaces pour franchir les fameux caps de croissance.<\/span><\/p><p>C\u2019est \u00e0 ce moment l\u00e0 qu&rsquo;a germ\u00e9 l&rsquo;id\u00e9e qui quelques ann\u00e9es plus tard allait se concr\u00e9tiser avec la cr\u00e9ation de Val&rsquo;o buro, un service d&rsquo;assistance administratif, comptable et commercial au service des TPE\/PME de la r\u00e9gion montpelli\u00e9raine.<\/p>\t\t\t\t\t\t\t\t<\/div>\n\t\t\t\t<\/div>\n\t\t\t\t<div class=\"elementor-element elementor-element-19c3dee elementor-widget elementor-widget-image\" data-id=\"19c3dee\" data-element_type=\"widget\" data-widget_type=\"image.default\">\n\t\t\t\t<div class=\"elementor-widget-container\">\n\t\t\t\t\t\t\t\t\t\t\t\t\t\t\t<img fetchpriority=\"high\" decoding=\"async\" width=\"750\" height=\"227\" src=\"https:\/\/valoburo.fr\/wp-content\/uploads\/2020\/03\/assistatnte-commerciale-montpellier-03.png\" class=\"attachment-large size-large wp-image-580\" alt=\"assistatnte commerciale montpellier-03\" srcset=\"https:\/\/valoburo.fr\/wp-content\/uploads\/2020\/03\/assistatnte-commerciale-montpellier-03.png 884w, https:\/\/valoburo.fr\/wp-content\/uploads\/2020\/03\/assistatnte-commerciale-montpellier-03-300x91.png 300w, https:\/\/valoburo.fr\/wp-content\/uploads\/2020\/03\/assistatnte-commerciale-montpellier-03-768x232.png 768w, https:\/\/valoburo.fr\/wp-content\/uploads\/2020\/03\/assistatnte-commerciale-montpellier-03-199x60.png 199w\" sizes=\"(max-width: 750px) 100vw, 750px\" \/>\t\t\t\t\t\t\t\t\t\t\t\t\t\t\t<\/div>\n\t\t\t\t<\/div>\n\t\t\t\t<div class=\"elementor-element elementor-element-7d18db1 elementor-widget-divider--view-line elementor-widget elementor-widget-divider\" data-id=\"7d18db1\" data-element_type=\"widget\" data-widget_type=\"divider.default\">\n\t\t\t\t<div class=\"elementor-widget-container\">\n\t\t\t\t\t\t\t<div class=\"elementor-divider\">\n\t\t\t<span class=\"elementor-divider-separator\">\n\t\t\t\t\t\t<\/span>\n\t\t<\/div>\n\t\t\t\t\t\t<\/div>\n\t\t\t\t<\/div>\n\t\t\t\t<div class=\"elementor-element elementor-element-ac48125 elementor-widget elementor-widget-image\" data-id=\"ac48125\" data-element_type=\"widget\" data-widget_type=\"image.default\">\n\t\t\t\t<div class=\"elementor-widget-container\">\n\t\t\t\t\t\t\t\t\t\t\t\t\t\t\t<img decoding=\"async\" width=\"750\" height=\"362\" src=\"https:\/\/valoburo.fr\/wp-content\/uploads\/2020\/03\/assistance-comptable-commerciale-valerie-lugant-montpellier-sete-05-1024x494.png\" class=\"attachment-large size-large wp-image-954\" alt=\"assistance comptable commerciale valerie lugant montpellier sete\" srcset=\"https:\/\/valoburo.fr\/wp-content\/uploads\/2020\/03\/assistance-comptable-commerciale-valerie-lugant-montpellier-sete-05-1024x494.png 1024w, https:\/\/valoburo.fr\/wp-content\/uploads\/2020\/03\/assistance-comptable-commerciale-valerie-lugant-montpellier-sete-05-300x145.png 300w, https:\/\/valoburo.fr\/wp-content\/uploads\/2020\/03\/assistance-comptable-commerciale-valerie-lugant-montpellier-sete-05-768x371.png 768w, https:\/\/valoburo.fr\/wp-content\/uploads\/2020\/03\/assistance-comptable-commerciale-valerie-lugant-montpellier-sete-05-1536x741.png 1536w, https:\/\/valoburo.fr\/wp-content\/uploads\/2020\/03\/assistance-comptable-commerciale-valerie-lugant-montpellier-sete-05-124x60.png 124w, https:\/\/valoburo.fr\/wp-content\/uploads\/2020\/03\/assistance-comptable-commerciale-valerie-lugant-montpellier-sete-05.png 1691w\" sizes=\"(max-width: 750px) 100vw, 750px\" \/>\t\t\t\t\t\t\t\t\t\t\t\t\t\t\t<\/div>\n\t\t\t\t<\/div>\n\t\t\t\t<div class=\"elementor-element elementor-element-3facbc2 elementor-widget elementor-widget-heading\" data-id=\"3facbc2\" data-element_type=\"widget\" data-widget_type=\"heading.default\">\n\t\t\t\t<div class=\"elementor-widget-container\">\n\t\t\t\t\t<h2 class=\"elementor-heading-title elementor-size-default\">l'ADN de Val'o buro : optimiser le lien entre l'entreprise et ses partenaires. <\/h2>\t\t\t\t<\/div>\n\t\t\t\t<\/div>\n\t\t\t\t<div class=\"elementor-element elementor-element-6c78203 elementor-widget elementor-widget-text-editor\" data-id=\"6c78203\" data-element_type=\"widget\" data-widget_type=\"text-editor.default\">\n\t\t\t\t<div class=\"elementor-widget-container\">\n\t\t\t\t\t\t\t\t\t<p>Apr\u00e8s plusieurs ann\u00e9es de salariat, j\u2019ai d\u00e9cid\u00e9 de cr\u00e9er mon entreprise en septembre 2019.<br>En devenant entrepreneur, j&rsquo;ai pu constater combien la gestion du temps est un enjeu de taille pour un entrepreneur.<br>D\u00e8s la cr\u00e9ation d&rsquo;une entreprise, nous recevons chaque jour un courrier \u00e0 traiter. Puis s\u2019enchainent les rendez-vous, les demandes de devis, les factures \u00e0 r\u00e9diger et ensuite le classement, puis la transmission des documents au comptable pour la tenue de la comptabilit\u00e9. Si tout va bien les commandes augmentent, et toutes ces t\u00e2ches administratives empi\u00e8tent sur notre temps de production.<br>Nous ne pouvons plus nous consacrer \u00e0 notre c\u0153ur de m\u00e9tier et par extension au d\u00e9veloppement de notre entreprise.<\/p>\n<p>C&rsquo;est sur cette double exp\u00e9rience de professionnelle et d&rsquo;entrepreneur que j&rsquo;ai b\u00e2ti le c\u0153ur de l&rsquo;exp\u00e9rience Val&rsquo;o buro. En tant qu&rsquo;entrepreneur, je comprends les probl\u00e9matiques administratives des chefs d&rsquo;entreprises&nbsp; et mon parcours professionnel m&rsquo;a donn\u00e9 les outils pour les accompagner face au deux principales difficult\u00e9s que repr\u00e9sentent le d\u00e9veloppement de leur entreprise : d\u00e9l\u00e9guer et communiquer.<br><strong>Lors de chacune de mes missions avec&nbsp; Val&rsquo;o buro,&nbsp; je m&rsquo;attache donc \u00e0 optimiser et \u00e0 faire vivre le lien indispensable entre les entrepreneurs, leurs diff\u00e9rents partenaires et interlocuteurs.<\/strong><\/p>\t\t\t\t\t\t\t\t<\/div>\n\t\t\t\t<\/div>\n\t\t\t\t<div class=\"elementor-element elementor-element-826e71f elementor-widget elementor-widget-image\" data-id=\"826e71f\" data-element_type=\"widget\" data-widget_type=\"image.default\">\n\t\t\t\t<div class=\"elementor-widget-container\">\n\t\t\t\t\t\t\t\t\t\t\t\t\t\t\t<img fetchpriority=\"high\" decoding=\"async\" width=\"750\" height=\"227\" src=\"https:\/\/valoburo.fr\/wp-content\/uploads\/2020\/03\/assistatnte-commerciale-montpellier-03.png\" class=\"attachment-large size-large wp-image-580\" alt=\"assistatnte commerciale montpellier-03\" srcset=\"https:\/\/valoburo.fr\/wp-content\/uploads\/2020\/03\/assistatnte-commerciale-montpellier-03.png 884w, https:\/\/valoburo.fr\/wp-content\/uploads\/2020\/03\/assistatnte-commerciale-montpellier-03-300x91.png 300w, https:\/\/valoburo.fr\/wp-content\/uploads\/2020\/03\/assistatnte-commerciale-montpellier-03-768x232.png 768w, https:\/\/valoburo.fr\/wp-content\/uploads\/2020\/03\/assistatnte-commerciale-montpellier-03-199x60.png 199w\" sizes=\"(max-width: 750px) 100vw, 750px\" \/>\t\t\t\t\t\t\t\t\t\t\t\t\t\t\t<\/div>\n\t\t\t\t<\/div>\n\t\t\t\t<div class=\"elementor-element elementor-element-255dc28 elementor-widget-divider--view-line elementor-widget elementor-widget-divider\" data-id=\"255dc28\" data-element_type=\"widget\" data-widget_type=\"divider.default\">\n\t\t\t\t<div class=\"elementor-widget-container\">\n\t\t\t\t\t\t\t<div class=\"elementor-divider\">\n\t\t\t<span class=\"elementor-divider-separator\">\n\t\t\t\t\t\t<\/span>\n\t\t<\/div>\n\t\t\t\t\t\t<\/div>\n\t\t\t\t<\/div>\n\t\t\t\t<div class=\"elementor-element elementor-element-fb8278e elementor-widget elementor-widget-image\" data-id=\"fb8278e\" data-element_type=\"widget\" data-widget_type=\"image.default\">\n\t\t\t\t<div class=\"elementor-widget-container\">\n\t\t\t\t\t\t\t\t\t\t\t\t\t\t\t<img decoding=\"async\" src=\"https:\/\/valoburo.fr\/wp-content\/uploads\/2020\/03\/valerie-lugant-assistane-administrative-montpellier-sete-frontignan-1.png\" title=\"\" alt=\"\" loading=\"lazy\" \/>\t\t\t\t\t\t\t\t\t\t\t\t\t\t\t<\/div>\n\t\t\t\t<\/div>\n\t\t\t\t<div class=\"elementor-element elementor-element-8075af6 elementor-widget elementor-widget-heading\" data-id=\"8075af6\" data-element_type=\"widget\" data-widget_type=\"heading.default\">\n\t\t\t\t<div class=\"elementor-widget-container\">\n\t\t\t\t\t<h2 class=\"elementor-heading-title elementor-size-default\">Organis\u00e9e pour r\u00e9pondre aux besoins des TPE\/PME ?<\/h2>\t\t\t\t<\/div>\n\t\t\t\t<\/div>\n\t\t\t\t<section class=\"elementor-section elementor-inner-section elementor-element elementor-element-922bb24 elementor-section-boxed elementor-section-height-default elementor-section-height-default\" data-id=\"922bb24\" data-element_type=\"section\">\n\t\t\t\t\t\t<div class=\"elementor-container elementor-column-gap-wide\">\n\t\t\t\t\t<div class=\"elementor-column elementor-col-50 elementor-inner-column elementor-element elementor-element-3ba57f7\" data-id=\"3ba57f7\" data-element_type=\"column\">\n\t\t\t<div class=\"elementor-widget-wrap elementor-element-populated\">\n\t\t\t\t\t\t<div class=\"elementor-element elementor-element-74c47de elementor-widget elementor-widget-heading\" data-id=\"74c47de\" data-element_type=\"widget\" data-widget_type=\"heading.default\">\n\t\t\t\t<div class=\"elementor-widget-container\">\n\t\t\t\t\t<h3 class=\"elementor-heading-title elementor-size-default\">Vous n\u2019avez pas besoin de m'am\u00e9nager un bureau ni d'investir dans un poste informatique.<\/h3>\t\t\t\t<\/div>\n\t\t\t\t<\/div>\n\t\t\t\t<div class=\"elementor-element elementor-element-e447938 elementor-widget elementor-widget-text-editor\" data-id=\"e447938\" data-element_type=\"widget\" data-widget_type=\"text-editor.default\">\n\t\t\t\t<div class=\"elementor-widget-container\">\n\t\t\t\t\t\t\t\t\t<p>C&rsquo;est un fait, les besoins augmentent en m\u00eame temps que l&rsquo;activit\u00e9. Pour autant, le financement des outils de production passe g\u00e9n\u00e9ralement avant les investissements destin\u00e9s aux posts dit \u00ab\u00a0non productifs\u00a0\u00bb tels que le secr\u00e9tariat ou la gestion comptable.\u00a0<br \/><strong style=\"color: #7a7a7a; font-family: Marvel, sans-serif; font-size: 25px;\">\u00a0<\/strong><strong>Je suis \u00e9quip\u00e9e d\u2019un ordinateur, des derni\u00e8res versions des principaux logiciels de secr\u00e9tariat, gestion commerciale et comptable, d\u2019un scanner portable, d\u2019une connexion internet \u00e0 haut d\u00e9bit \u00e0 mon domicile afin de travailler facilement \u00e0 distance.<\/strong><strong style=\"color: #7a7a7a; font-family: Marvel, sans-serif; font-size: 25px;\">\u00a0<\/strong>Toutefois, des rendez-vous de coordination face \u00e0 face restent essentiels. Rien ne remplace une rencontre pour faire le point et se caler sur une strat\u00e9gie d\u2019entreprise.<\/p>\t\t\t\t\t\t\t\t<\/div>\n\t\t\t\t<\/div>\n\t\t\t\t\t<\/div>\n\t\t<\/div>\n\t\t\t\t<div class=\"elementor-column elementor-col-50 elementor-inner-column elementor-element elementor-element-9ddd2c6\" data-id=\"9ddd2c6\" data-element_type=\"column\">\n\t\t\t<div class=\"elementor-widget-wrap elementor-element-populated\">\n\t\t\t\t\t\t<div class=\"elementor-element elementor-element-4fa2a83 elementor-widget elementor-widget-heading\" data-id=\"4fa2a83\" data-element_type=\"widget\" data-widget_type=\"heading.default\">\n\t\t\t\t<div class=\"elementor-widget-container\">\n\t\t\t\t\t<h3 class=\"elementor-heading-title elementor-size-default\">Forfait 3 heures, mission ponctuelle, contrat hebdomadaire ou collaboration annuelle, \u00e0 chaque situation sa solution.<\/h3>\t\t\t\t<\/div>\n\t\t\t\t<\/div>\n\t\t\t\t<div class=\"elementor-element elementor-element-20411c3 elementor-widget elementor-widget-text-editor\" data-id=\"20411c3\" data-element_type=\"widget\" data-widget_type=\"text-editor.default\">\n\t\t\t\t<div class=\"elementor-widget-container\">\n\t\t\t\t\t\t\t\t\t<p>La courbe d&rsquo;activit\u00e9 d&rsquo;une entreprise ressemble rarement \u00e0 un \u00e9lectrocardiogramme plat. La saisonnalit\u00e9, les p\u00e9riodes cl\u00e9s de votre d\u00e9veloppement ou l&rsquo;arriv\u00e9e de gros contrats font varier sensiblement vos besoins.\u00a0<br \/>J&rsquo;ai donc construit une offre bas\u00e9e sur un bilan personnalis\u00e9. Au cours de cette prise de contact, nous \u00e9tablissons vos objectifs et voyons ensemble quel est le type d&rsquo;intervention qui vous conviendra le mieux.<br \/>D\u00e9couvrez en d\u00e9tail comment collaborer avec moi en demandant d\u00e8s maintenant votre bilan gratuit.<\/p>\t\t\t\t\t\t\t\t<\/div>\n\t\t\t\t<\/div>\n\t\t\t\t<div class=\"elementor-element elementor-element-1311cff elementor-align-center elementor-widget elementor-widget-button\" data-id=\"1311cff\" data-element_type=\"widget\" data-widget_type=\"button.default\">\n\t\t\t\t<div class=\"elementor-widget-container\">\n\t\t\t\t\t\t\t\t\t<div class=\"elementor-button-wrapper\">\n\t\t\t\t\t<a class=\"elementor-button elementor-button-link elementor-size-lg elementor-animation-shrink\" href=\"https:\/\/valoburo.fr\/index.php\/devis-assistance-administrative\/\">\n\t\t\t\t\t\t<span class=\"elementor-button-content-wrapper\">\n\t\t\t\t\t\t\t\t\t<span class=\"elementor-button-text\">Je r\u00e9serve mon bilan<\/span>\n\t\t\t\t\t<\/span>\n\t\t\t\t\t<\/a>\n\t\t\t\t<\/div>\n\t\t\t\t\t\t\t\t<\/div>\n\t\t\t\t<\/div>\n\t\t\t\t\t<\/div>\n\t\t<\/div>\n\t\t\t\t\t<\/div>\n\t\t<\/section>\n\t\t\t\t<div class=\"elementor-element elementor-element-9368d3c elementor-widget-divider--view-line elementor-widget elementor-widget-divider\" data-id=\"9368d3c\" data-element_type=\"widget\" data-widget_type=\"divider.default\">\n\t\t\t\t<div class=\"elementor-widget-container\">\n\t\t\t\t\t\t\t<div class=\"elementor-divider\">\n\t\t\t<span class=\"elementor-divider-separator\">\n\t\t\t\t\t\t<\/span>\n\t\t<\/div>\n\t\t\t\t\t\t<\/div>\n\t\t\t\t<\/div>\n\t\t\t\t<div class=\"elementor-element elementor-element-ea49cd4 elementor-widget elementor-widget-image\" data-id=\"ea49cd4\" data-element_type=\"widget\" data-widget_type=\"image.default\">\n\t\t\t\t<div class=\"elementor-widget-container\">\n\t\t\t\t\t\t\t\t\t\t\t\t\t\t\t<img decoding=\"async\" width=\"300\" height=\"140\" src=\"https:\/\/valoburo.fr\/wp-content\/uploads\/2020\/03\/assitance-administrative-a-distance-montpellier-300x140.png\" class=\"attachment-medium size-medium wp-image-845\" alt=\"assitance administrative a distance montpellier\" srcset=\"https:\/\/valoburo.fr\/wp-content\/uploads\/2020\/03\/assitance-administrative-a-distance-montpellier-300x140.png 300w, https:\/\/valoburo.fr\/wp-content\/uploads\/2020\/03\/assitance-administrative-a-distance-montpellier-129x60.png 129w, https:\/\/valoburo.fr\/wp-content\/uploads\/2020\/03\/assitance-administrative-a-distance-montpellier.png 706w\" sizes=\"(max-width: 300px) 100vw, 300px\" \/>\t\t\t\t\t\t\t\t\t\t\t\t\t\t\t<\/div>\n\t\t\t\t<\/div>\n\t\t\t\t<div class=\"elementor-element elementor-element-9a74425 elementor-widget elementor-widget-heading\" data-id=\"9a74425\" data-element_type=\"widget\" data-widget_type=\"heading.default\">\n\t\t\t\t<div class=\"elementor-widget-container\">\n\t\t\t\t\t<h2 class=\"elementor-heading-title elementor-size-default\">Agile et connect\u00e9e pour favoriser la productivit\u00e9.<\/h2>\t\t\t\t<\/div>\n\t\t\t\t<\/div>\n\t\t\t\t<div class=\"elementor-element elementor-element-97ff470 elementor-widget elementor-widget-text-editor\" data-id=\"97ff470\" data-element_type=\"widget\" data-widget_type=\"text-editor.default\">\n\t\t\t\t<div class=\"elementor-widget-container\">\n\t\t\t\t\t\t\t\t\t<p>45 minutes, c&rsquo;est le temps maximum que j&rsquo;estime devoir passer quotidiennement en voiture. Au del\u00e0 ma journ\u00e9e de travail ne serait productive ni pour moi, ni pour vous. <br \/>En suivant cette r\u00e8gle j&rsquo;interviens donc sur un secteur s&rsquo;\u00e9tendant de l&rsquo;ouest du territoire montpelli\u00e9rain jusqu&rsquo;\u00e0 S\u00e8te et Frontignan.<br \/>S&rsquo;il est important pour la fluidit\u00e9 de la collaboration de se rencontrer r\u00e9guli\u00e8rement, j&rsquo;ai la conviction que les outils de d\u00e9mat\u00e9rialisation tels que la visioconf\u00e9rence ou encore les cloud repr\u00e9sentent une v\u00e9ritable opportunit\u00e9.<br \/>Les multinationales ne s&rsquo;y sont pas tromp\u00e9 et ont adopt\u00e9 tr\u00e8s t\u00f4t ces technologies pour permettre aux diff\u00e9rents acteurs de la vie de l&rsquo;entreprise de collaborer malgr\u00e9 l&rsquo;\u00e9loignement g\u00e9ographique.<\/p><p>Il m&rsquo;a donc sembl\u00e9 \u00e9vident d&rsquo;acqu\u00e9rir les connaissances et les bonnes pratiques relatives \u00e0 cette digitalisation des entreprises. ,<\/p>\t\t\t\t\t\t\t\t<\/div>\n\t\t\t\t<\/div>\n\t\t\t\t<div class=\"elementor-element elementor-element-fca1a86 elementor-align-center elementor-widget elementor-widget-button\" data-id=\"fca1a86\" data-element_type=\"widget\" data-widget_type=\"button.default\">\n\t\t\t\t<div class=\"elementor-widget-container\">\n\t\t\t\t\t\t\t\t\t<div class=\"elementor-button-wrapper\">\n\t\t\t\t\t<a class=\"elementor-button elementor-button-link elementor-size-lg elementor-animation-shrink\" href=\"https:\/\/valoburo.fr\/index.php\/contacter-votre-assistante-administrative-independante-a-montpellier\/\">\n\t\t\t\t\t\t<span class=\"elementor-button-content-wrapper\">\n\t\t\t\t\t\t\t\t\t<span class=\"elementor-button-text\">Comment allons nous collaborer ?<\/span>\n\t\t\t\t\t<\/span>\n\t\t\t\t\t<\/a>\n\t\t\t\t<\/div>\n\t\t\t\t\t\t\t\t<\/div>\n\t\t\t\t<\/div>\n\t\t\t\t<div class=\"elementor-element elementor-element-f6bc2e3 elementor-widget elementor-widget-image\" data-id=\"f6bc2e3\" data-element_type=\"widget\" data-widget_type=\"image.default\">\n\t\t\t\t<div class=\"elementor-widget-container\">\n\t\t\t\t\t\t\t\t\t\t\t\t\t\t\t<img fetchpriority=\"high\" decoding=\"async\" width=\"750\" height=\"227\" src=\"https:\/\/valoburo.fr\/wp-content\/uploads\/2020\/03\/assistatnte-commerciale-montpellier-03.png\" class=\"attachment-large size-large wp-image-580\" alt=\"assistatnte commerciale montpellier-03\" srcset=\"https:\/\/valoburo.fr\/wp-content\/uploads\/2020\/03\/assistatnte-commerciale-montpellier-03.png 884w, https:\/\/valoburo.fr\/wp-content\/uploads\/2020\/03\/assistatnte-commerciale-montpellier-03-300x91.png 300w, https:\/\/valoburo.fr\/wp-content\/uploads\/2020\/03\/assistatnte-commerciale-montpellier-03-768x232.png 768w, https:\/\/valoburo.fr\/wp-content\/uploads\/2020\/03\/assistatnte-commerciale-montpellier-03-199x60.png 199w\" sizes=\"(max-width: 750px) 100vw, 750px\" \/>\t\t\t\t\t\t\t\t\t\t\t\t\t\t\t<\/div>\n\t\t\t\t<\/div>\n\t\t\t\t<div class=\"elementor-element elementor-element-ead4f8c elementor-widget-divider--view-line elementor-widget elementor-widget-divider\" data-id=\"ead4f8c\" data-element_type=\"widget\" data-widget_type=\"divider.default\">\n\t\t\t\t<div class=\"elementor-widget-container\">\n\t\t\t\t\t\t\t<div class=\"elementor-divider\">\n\t\t\t<span class=\"elementor-divider-separator\">\n\t\t\t\t\t\t<\/span>\n\t\t<\/div>\n\t\t\t\t\t\t<\/div>\n\t\t\t\t<\/div>\n\t\t\t\t<div class=\"elementor-element elementor-element-c72cd10 elementor-widget elementor-widget-heading\" data-id=\"c72cd10\" data-element_type=\"widget\" data-widget_type=\"heading.default\">\n\t\t\t\t<div class=\"elementor-widget-container\">\n\t\t\t\t\t<h2 class=\"elementor-heading-title elementor-size-default\">La culture du r\u00e9seau.<\/h2>\t\t\t\t<\/div>\n\t\t\t\t<\/div>\n\t\t\t\t<div class=\"elementor-element elementor-element-138c844 elementor-widget elementor-widget-text-editor\" data-id=\"138c844\" data-element_type=\"widget\" data-widget_type=\"text-editor.default\">\n\t\t\t\t<div class=\"elementor-widget-container\">\n\t\t\t\t\t\t\t\t\t<p>Pour moi, faire partie d\u2019un r\u00e9seau est tr\u00e8s important. Partage d&rsquo;exp\u00e9riences en toute convivialit\u00e9, veille administrative et l\u00e9gislative, entraide, les r\u00e9seaux d&rsquo;entrepreneurs sont aujourd&rsquo;hui une source de motivation autant qu&rsquo;une occasion de promouvoir son activit\u00e9. Je participe r\u00e9guli\u00e8rement aux \u00e9v\u00e8nements organis\u00e9s pour les entrepreneurs de Montpellier, S\u00e8te ou le bassin de Thau. Je travaille avec quelques partenaires qui partagent les m\u00eames valeurs que moi pour r\u00e9pondre \u00e0 des demandes tr\u00e8s sp\u00e9cifiques de mes clients hors de mon champ de comp\u00e9tences.<\/p>\t\t\t\t\t\t\t\t<\/div>\n\t\t\t\t<\/div>\n\t\t\t\t\t<\/div>\n\t\t<\/div>\n\t\t\t\t\t<\/div>\n\t\t<\/section>\n\t\t\t\t<section class=\"elementor-section elementor-top-section elementor-element elementor-element-1368927 elementor-section-full_width elementor-section-height-default elementor-section-height-default\" data-id=\"1368927\" data-element_type=\"section\">\n\t\t\t\t\t\t<div class=\"elementor-container elementor-column-gap-no\">\n\t\t\t\t\t<div class=\"elementor-column elementor-col-50 elementor-top-column elementor-element elementor-element-5101988\" data-id=\"5101988\" data-element_type=\"column\">\n\t\t\t<div class=\"elementor-widget-wrap elementor-element-populated\">\n\t\t\t\t\t\t<div class=\"elementor-element elementor-element-8d1127f elementor-widget elementor-widget-image\" data-id=\"8d1127f\" data-element_type=\"widget\" data-widget_type=\"image.default\">\n\t\t\t\t<div class=\"elementor-widget-container\">\n\t\t\t\t\t\t\t\t\t\t\t\t\t\t\t<img fetchpriority=\"high\" decoding=\"async\" width=\"750\" height=\"227\" src=\"https:\/\/valoburo.fr\/wp-content\/uploads\/2020\/03\/assistatnte-commerciale-montpellier-03.png\" class=\"attachment-large size-large wp-image-580\" alt=\"assistatnte commerciale montpellier-03\" srcset=\"https:\/\/valoburo.fr\/wp-content\/uploads\/2020\/03\/assistatnte-commerciale-montpellier-03.png 884w, https:\/\/valoburo.fr\/wp-content\/uploads\/2020\/03\/assistatnte-commerciale-montpellier-03-300x91.png 300w, https:\/\/valoburo.fr\/wp-content\/uploads\/2020\/03\/assistatnte-commerciale-montpellier-03-768x232.png 768w, https:\/\/valoburo.fr\/wp-content\/uploads\/2020\/03\/assistatnte-commerciale-montpellier-03-199x60.png 199w\" sizes=\"(max-width: 750px) 100vw, 750px\" \/>\t\t\t\t\t\t\t\t\t\t\t\t\t\t\t<\/div>\n\t\t\t\t<\/div>\n\t\t\t\t\t<\/div>\n\t\t<\/div>\n\t\t\t\t<div class=\"elementor-column elementor-col-50 elementor-top-column elementor-element elementor-element-c3c0810\" data-id=\"c3c0810\" data-element_type=\"column\">\n\t\t\t<div class=\"elementor-widget-wrap elementor-element-populated\">\n\t\t\t\t\t\t<div class=\"elementor-element elementor-element-a2e8766 elementor-widget elementor-widget-image\" data-id=\"a2e8766\" data-element_type=\"widget\" data-widget_type=\"image.default\">\n\t\t\t\t<div class=\"elementor-widget-container\">\n\t\t\t\t\t\t\t\t\t\t\t\t\t\t\t<img loading=\"lazy\" decoding=\"async\" width=\"601\" height=\"311\" src=\"https:\/\/valoburo.fr\/wp-content\/uploads\/2020\/03\/nuage-assistate-administrative-montpellier-sete-lunel.png\" class=\"attachment-large size-large wp-image-640\" alt=\"nuage assistate administrative montpellier sete lunel\" srcset=\"https:\/\/valoburo.fr\/wp-content\/uploads\/2020\/03\/nuage-assistate-administrative-montpellier-sete-lunel.png 601w, https:\/\/valoburo.fr\/wp-content\/uploads\/2020\/03\/nuage-assistate-administrative-montpellier-sete-lunel-300x155.png 300w, https:\/\/valoburo.fr\/wp-content\/uploads\/2020\/03\/nuage-assistate-administrative-montpellier-sete-lunel-116x60.png 116w\" sizes=\"(max-width: 601px) 100vw, 601px\" \/>\t\t\t\t\t\t\t\t\t\t\t\t\t\t\t<\/div>\n\t\t\t\t<\/div>\n\t\t\t\t\t<\/div>\n\t\t<\/div>\n\t\t\t\t\t<\/div>\n\t\t<\/section>\n\t\t\t\t<\/div>\n\t\t<!-- AddThis Advanced Settings generic via filter on the_content --><!-- AddThis Share Buttons generic via filter on the_content -->","protected":false},"excerpt":{"rendered":"<p>Le d\u00e9veloppement de votre activit\u00e9 au c\u0153ur de mon intervention. https:\/\/valoburo.fr\/wp-content\/uploads\/2025\/03\/Presentation-Valerie-LUGANT-version-reduite.mp4 Pourquoi ai-je cr\u00e9\u00e9 Val&rsquo;o buro ? 2009, je suis recrut\u00e9e dans une entreprise du b\u00e2timent en pleine expansion.\u00a0Ma mission initiale consistait \u00e0 soutenir la secr\u00e9taire d\u00e9j\u00e0 en place, face \u00e0 l&rsquo;augmentation du nombre de factures fournisseurs et clients \u00e0 g\u00e9rer.\u00a0Ce changement d&rsquo;\u00e9chelle demandait en &hellip; <!-- AddThis Advanced Settings generic via filter on get_the_excerpt --><!-- AddThis Share Buttons generic via filter on get_the_excerpt --><\/p>\n","protected":false},"author":1,"featured_media":0,"parent":0,"menu_order":0,"comment_status":"closed","ping_status":"closed","template":"elementor_header_footer","meta":{"_monsterinsights_skip_tracking":false,"_monsterinsights_sitenote_active":false,"_monsterinsights_sitenote_note":"","_monsterinsights_sitenote_category":0,"footnotes":""},"class_list":["post-287","page","type-page","status-publish","hentry"],"yoast_head":"<!-- This site is optimized with the Yoast SEO plugin v24.1 - https:\/\/yoast.com\/wordpress\/plugins\/seo\/ -->\n<title>Qui suis-je? - Val&#039;o Buro<\/title>\n<meta name=\"robots\" content=\"index, follow, max-snippet:-1, max-image-preview:large, max-video-preview:-1\" \/>\n<link rel=\"canonical\" href=\"https:\/\/valoburo.fr\/index.php\/qui-suis-je\/\" \/>\n<meta property=\"og:locale\" content=\"fr_FR\" \/>\n<meta property=\"og:type\" content=\"article\" \/>\n<meta property=\"og:title\" content=\"Qui suis-je? - Val&#039;o Buro\" \/>\n<meta property=\"og:description\" content=\"Le d\u00e9veloppement de votre activit\u00e9 au c\u0153ur de mon intervention. https:\/\/valoburo.fr\/wp-content\/uploads\/2025\/03\/Presentation-Valerie-LUGANT-version-reduite.mp4 Pourquoi ai-je cr\u00e9\u00e9 Val&rsquo;o buro ? 2009, je suis recrut\u00e9e dans une entreprise du b\u00e2timent en pleine expansion.\u00a0Ma mission initiale consistait \u00e0 soutenir la secr\u00e9taire d\u00e9j\u00e0 en place, face \u00e0 l&rsquo;augmentation du nombre de factures fournisseurs et clients \u00e0 g\u00e9rer.\u00a0Ce changement d&rsquo;\u00e9chelle demandait en &hellip;\" \/>\n<meta property=\"og:url\" content=\"https:\/\/valoburo.fr\/index.php\/qui-suis-je\/\" \/>\n<meta property=\"og:site_name\" content=\"Val&#039;o Buro\" \/>\n<meta property=\"article:modified_time\" content=\"2025-03-03T13:07:59+00:00\" \/>\n<meta property=\"og:image\" content=\"https:\/\/valoburo.fr\/wp-content\/uploads\/2020\/03\/assistatnte-commerciale-montpellier-03.png\" \/>\n\t<meta property=\"og:image:width\" content=\"884\" \/>\n\t<meta property=\"og:image:height\" content=\"267\" \/>\n\t<meta property=\"og:image:type\" content=\"image\/png\" \/>\n<meta name=\"twitter:card\" content=\"summary_large_image\" \/>\n<meta name=\"twitter:label1\" content=\"Dur\u00e9e de lecture est.\" \/>\n\t<meta name=\"twitter:data1\" content=\"6 minutes\" \/>\n<script type=\"application\/ld+json\" class=\"yoast-schema-graph\">{\"@context\":\"https:\/\/schema.org\",\"@graph\":[{\"@type\":\"WebPage\",\"@id\":\"https:\/\/valoburo.fr\/index.php\/qui-suis-je\/\",\"url\":\"https:\/\/valoburo.fr\/index.php\/qui-suis-je\/\",\"name\":\"Qui suis-je? - Val&#039;o Buro\",\"isPartOf\":{\"@id\":\"https:\/\/valoburo.fr\/#website\"},\"primaryImageOfPage\":{\"@id\":\"https:\/\/valoburo.fr\/index.php\/qui-suis-je\/#primaryimage\"},\"image\":{\"@id\":\"https:\/\/valoburo.fr\/index.php\/qui-suis-je\/#primaryimage\"},\"thumbnailUrl\":\"https:\/\/valoburo.fr\/wp-content\/uploads\/2020\/03\/assistatnte-commerciale-montpellier-03.png\",\"datePublished\":\"2019-11-09T08:28:51+00:00\",\"dateModified\":\"2025-03-03T13:07:59+00:00\",\"breadcrumb\":{\"@id\":\"https:\/\/valoburo.fr\/index.php\/qui-suis-je\/#breadcrumb\"},\"inLanguage\":\"fr-BE\",\"potentialAction\":[{\"@type\":\"ReadAction\",\"target\":[\"https:\/\/valoburo.fr\/index.php\/qui-suis-je\/\"]}]},{\"@type\":\"ImageObject\",\"inLanguage\":\"fr-BE\",\"@id\":\"https:\/\/valoburo.fr\/index.php\/qui-suis-je\/#primaryimage\",\"url\":\"https:\/\/valoburo.fr\/wp-content\/uploads\/2020\/03\/assistatnte-commerciale-montpellier-03.png\",\"contentUrl\":\"https:\/\/valoburo.fr\/wp-content\/uploads\/2020\/03\/assistatnte-commerciale-montpellier-03.png\",\"width\":884,\"height\":267,\"caption\":\"assistatnte commerciale montpellier-03\"},{\"@type\":\"BreadcrumbList\",\"@id\":\"https:\/\/valoburo.fr\/index.php\/qui-suis-je\/#breadcrumb\",\"itemListElement\":[{\"@type\":\"ListItem\",\"position\":1,\"name\":\"Home\",\"item\":\"https:\/\/valoburo.fr\/\"},{\"@type\":\"ListItem\",\"position\":2,\"name\":\"Qui suis-je?\"}]},{\"@type\":\"WebSite\",\"@id\":\"https:\/\/valoburo.fr\/#website\",\"url\":\"https:\/\/valoburo.fr\/\",\"name\":\"Val&#039;o Buro\",\"description\":\"Une assistante administrative \u00e0 vos c\u00f4t\u00e9s\",\"potentialAction\":[{\"@type\":\"SearchAction\",\"target\":{\"@type\":\"EntryPoint\",\"urlTemplate\":\"https:\/\/valoburo.fr\/?s={search_term_string}\"},\"query-input\":{\"@type\":\"PropertyValueSpecification\",\"valueRequired\":true,\"valueName\":\"search_term_string\"}}],\"inLanguage\":\"fr-BE\"}]}<\/script>\n<!-- \/ Yoast SEO plugin. -->","yoast_head_json":{"title":"Qui suis-je? - Val&#039;o Buro","robots":{"index":"index","follow":"follow","max-snippet":"max-snippet:-1","max-image-preview":"max-image-preview:large","max-video-preview":"max-video-preview:-1"},"canonical":"https:\/\/valoburo.fr\/index.php\/qui-suis-je\/","og_locale":"fr_FR","og_type":"article","og_title":"Qui suis-je? - Val&#039;o Buro","og_description":"Le d\u00e9veloppement de votre activit\u00e9 au c\u0153ur de mon intervention. https:\/\/valoburo.fr\/wp-content\/uploads\/2025\/03\/Presentation-Valerie-LUGANT-version-reduite.mp4 Pourquoi ai-je cr\u00e9\u00e9 Val&rsquo;o buro ? 2009, je suis recrut\u00e9e dans une entreprise du b\u00e2timent en pleine expansion.\u00a0Ma mission initiale consistait \u00e0 soutenir la secr\u00e9taire d\u00e9j\u00e0 en place, face \u00e0 l&rsquo;augmentation du nombre de factures fournisseurs et clients \u00e0 g\u00e9rer.\u00a0Ce changement d&rsquo;\u00e9chelle demandait en &hellip;","og_url":"https:\/\/valoburo.fr\/index.php\/qui-suis-je\/","og_site_name":"Val&#039;o Buro","article_modified_time":"2025-03-03T13:07:59+00:00","og_image":[{"width":884,"height":267,"url":"https:\/\/valoburo.fr\/wp-content\/uploads\/2020\/03\/assistatnte-commerciale-montpellier-03.png","type":"image\/png"}],"twitter_card":"summary_large_image","twitter_misc":{"Dur\u00e9e de lecture est.":"6 minutes"},"schema":{"@context":"https:\/\/schema.org","@graph":[{"@type":"WebPage","@id":"https:\/\/valoburo.fr\/index.php\/qui-suis-je\/","url":"https:\/\/valoburo.fr\/index.php\/qui-suis-je\/","name":"Qui suis-je? - Val&#039;o Buro","isPartOf":{"@id":"https:\/\/valoburo.fr\/#website"},"primaryImageOfPage":{"@id":"https:\/\/valoburo.fr\/index.php\/qui-suis-je\/#primaryimage"},"image":{"@id":"https:\/\/valoburo.fr\/index.php\/qui-suis-je\/#primaryimage"},"thumbnailUrl":"https:\/\/valoburo.fr\/wp-content\/uploads\/2020\/03\/assistatnte-commerciale-montpellier-03.png","datePublished":"2019-11-09T08:28:51+00:00","dateModified":"2025-03-03T13:07:59+00:00","breadcrumb":{"@id":"https:\/\/valoburo.fr\/index.php\/qui-suis-je\/#breadcrumb"},"inLanguage":"fr-BE","potentialAction":[{"@type":"ReadAction","target":["https:\/\/valoburo.fr\/index.php\/qui-suis-je\/"]}]},{"@type":"ImageObject","inLanguage":"fr-BE","@id":"https:\/\/valoburo.fr\/index.php\/qui-suis-je\/#primaryimage","url":"https:\/\/valoburo.fr\/wp-content\/uploads\/2020\/03\/assistatnte-commerciale-montpellier-03.png","contentUrl":"https:\/\/valoburo.fr\/wp-content\/uploads\/2020\/03\/assistatnte-commerciale-montpellier-03.png","width":884,"height":267,"caption":"assistatnte commerciale montpellier-03"},{"@type":"BreadcrumbList","@id":"https:\/\/valoburo.fr\/index.php\/qui-suis-je\/#breadcrumb","itemListElement":[{"@type":"ListItem","position":1,"name":"Home","item":"https:\/\/valoburo.fr\/"},{"@type":"ListItem","position":2,"name":"Qui suis-je?"}]},{"@type":"WebSite","@id":"https:\/\/valoburo.fr\/#website","url":"https:\/\/valoburo.fr\/","name":"Val&#039;o Buro","description":"Une assistante administrative \u00e0 vos c\u00f4t\u00e9s","potentialAction":[{"@type":"SearchAction","target":{"@type":"EntryPoint","urlTemplate":"https:\/\/valoburo.fr\/?s={search_term_string}"},"query-input":{"@type":"PropertyValueSpecification","valueRequired":true,"valueName":"search_term_string"}}],"inLanguage":"fr-BE"}]}},"_links":{"self":[{"href":"https:\/\/valoburo.fr\/index.php\/wp-json\/wp\/v2\/pages\/287","targetHints":{"allow":["GET"]}}],"collection":[{"href":"https:\/\/valoburo.fr\/index.php\/wp-json\/wp\/v2\/pages"}],"about":[{"href":"https:\/\/valoburo.fr\/index.php\/wp-json\/wp\/v2\/types\/page"}],"author":[{"embeddable":true,"href":"https:\/\/valoburo.fr\/index.php\/wp-json\/wp\/v2\/users\/1"}],"replies":[{"embeddable":true,"href":"https:\/\/valoburo.fr\/index.php\/wp-json\/wp\/v2\/comments?post=287"}],"version-history":[{"count":90,"href":"https:\/\/valoburo.fr\/index.php\/wp-json\/wp\/v2\/pages\/287\/revisions"}],"predecessor-version":[{"id":1699,"href":"https:\/\/valoburo.fr\/index.php\/wp-json\/wp\/v2\/pages\/287\/revisions\/1699"}],"wp:attachment":[{"href":"https:\/\/valoburo.fr\/index.php\/wp-json\/wp\/v2\/media?parent=287"}],"curies":[{"name":"wp","href":"https:\/\/api.w.org\/{rel}","templated":true}]}}