{"id":933,"date":"2020-03-29T17:12:42","date_gmt":"2020-03-29T15:12:42","guid":{"rendered":"https:\/\/valoburo.fr\/?page_id=933"},"modified":"2021-02-01T14:43:10","modified_gmt":"2021-02-01T13:43:10","slug":"conditions-generales-de-vente-assitante-administrative","status":"publish","type":"page","link":"https:\/\/valoburo.fr\/index.php\/conditions-generales-de-vente-assitante-administrative\/","title":{"rendered":"Conditions g\u00e9n\u00e9rales de vente assistante administrative"},"content":{"rendered":"\t\t<div data-elementor-type=\"wp-page\" data-elementor-id=\"933\" class=\"elementor elementor-933\" data-elementor-post-type=\"page\">\n\t\t\t\t\t\t<section class=\"elementor-section elementor-top-section elementor-element elementor-element-efcb77a elementor-section-boxed elementor-section-height-default elementor-section-height-default\" data-id=\"efcb77a\" data-element_type=\"section\">\n\t\t\t\t\t\t<div class=\"elementor-container elementor-column-gap-default\">\n\t\t\t\t\t<div class=\"elementor-column elementor-col-100 elementor-top-column elementor-element elementor-element-4767a8f1\" data-id=\"4767a8f1\" data-element_type=\"column\">\n\t\t\t<div class=\"elementor-widget-wrap elementor-element-populated\">\n\t\t\t\t\t\t<div class=\"elementor-element elementor-element-a7bcfe0 elementor-widget elementor-widget-heading\" data-id=\"a7bcfe0\" data-element_type=\"widget\" data-widget_type=\"heading.default\">\n\t\t\t\t<div class=\"elementor-widget-container\">\n\t\t\t\t\t<h2 class=\"elementor-heading-title elementor-size-default\">Conditions g\u00e9n\u00e9rales de vente<\/h2>\t\t\t\t<\/div>\n\t\t\t\t<\/div>\n\t\t\t\t<div class=\"elementor-element elementor-element-f6a9a17 elementor-widget elementor-widget-heading\" data-id=\"f6a9a17\" data-element_type=\"widget\" data-widget_type=\"heading.default\">\n\t\t\t\t<div class=\"elementor-widget-container\">\n\t\t\t\t\t<h2 class=\"elementor-heading-title elementor-size-default\">1 - Objet<\/h2>\t\t\t\t<\/div>\n\t\t\t\t<\/div>\n\t\t\t\t<div class=\"elementor-element elementor-element-f607a7d elementor-widget elementor-widget-text-editor\" data-id=\"f607a7d\" data-element_type=\"widget\" data-widget_type=\"text-editor.default\">\n\t\t\t\t<div class=\"elementor-widget-container\">\n\t\t\t\t\t\t\t\t\t<p><span style=\"font-weight: 400;\">Les conditions g\u00e9n\u00e9rales de vente (CGV) d\u00e9crites ci-apr\u00e8s d\u00e9taillent les droits et obligations de<\/span> <span style=\"font-weight: 400;\">l\u2019entreprise individuelle <\/span><b>Val\u2019o buro <\/b><span style=\"font-weight: 400;\">repr\u00e9sent\u00e9e par Val\u00e9rie LUGANT et de son client particulier ou professionnel dans le cadre de la vente des prestations de services suivantes :<\/span><\/p>\n<ul>\n<li style=\"font-weight: 400;\"><span style=\"font-weight: 400;\">Secr\u00e9tariat<\/span><\/li>\n<li style=\"font-weight: 400;\"><span style=\"font-weight: 400;\">Assistance administrative<\/span><\/li>\n<li style=\"font-weight: 400;\"><span style=\"font-weight: 400;\">Assistance commerciale<\/span><\/li>\n<li style=\"font-weight: 400;\"><span style=\"font-weight: 400;\">Conseil en organisation<\/span><\/li>\n<li style=\"font-weight: 400;\"><span style=\"font-weight: 400;\">Formation bureautique<\/span><\/li>\n<li style=\"font-weight: 400;\"><span style=\"font-weight: 400;\">Tous autres travaux de bureautique, internet et de r\u00e9daction<\/span><\/li>\n<\/ul>\n<p><i><span style=\"font-weight: 400;\">(liste non exhaustive)<\/span><\/i><\/p>\n<p><span style=\"font-weight: 400;\">Toute commande implique, pour devenir ferme et d\u00e9finitive, l\u2019adh\u00e9sion enti\u00e8re et sans r\u00e9serve du client aux pr\u00e9sentes CGV, qu\u2019il d\u00e9clare avoir lues, comprises et accept\u00e9es.<\/span><\/p>\n<p><span style=\"font-weight: 400;\">Aucune condition particuli\u00e8re ou g\u00e9n\u00e9rale d\u2019achat ne peut, sauf accord express et \u00e9crit des deux parties pr\u00e9valoir sur les pr\u00e9sentes CGV.<\/span><\/p>\t\t\t\t\t\t\t\t<\/div>\n\t\t\t\t<\/div>\n\t\t\t\t<div class=\"elementor-element elementor-element-2845da5 elementor-widget elementor-widget-heading\" data-id=\"2845da5\" data-element_type=\"widget\" data-widget_type=\"heading.default\">\n\t\t\t\t<div class=\"elementor-widget-container\">\n\t\t\t\t\t<h2 class=\"elementor-heading-title elementor-size-default\">2 \u2013 Lieux et dur\u00e9e d\u2019intervention<\/h2>\t\t\t\t<\/div>\n\t\t\t\t<\/div>\n\t\t\t\t<div class=\"elementor-element elementor-element-e254832 elementor-widget elementor-widget-text-editor\" data-id=\"e254832\" data-element_type=\"widget\" data-widget_type=\"text-editor.default\">\n\t\t\t\t<div class=\"elementor-widget-container\">\n\t\t\t\t\t\t\t\t\t<p><span style=\"font-weight: 400;\">Les prestations pr\u00e9vues \u00e0 l\u2019article 1 pourront \u00eatre sur site (chez le particulier, ou en entreprise) ou \u00e0 distance, apr\u00e8s accord de chacun.<\/span><\/p>\n<p><span style=\"font-weight: 400;\">Aucun minimum d\u2019heure n\u2019est \u00e0 r\u00e9aliser. Toutefois, pour toute demande de prestation sur site, il est pr\u00e9f\u00e9rable de pr\u00e9voir un minimum de 3 heures cons\u00e9cutives (voir conditions dans l\u2019article 6 \u2013 Tarifs et r\u00e8glement).<\/span><\/p>\t\t\t\t\t\t\t\t<\/div>\n\t\t\t\t<\/div>\n\t\t\t\t<div class=\"elementor-element elementor-element-e0f5875 elementor-widget elementor-widget-heading\" data-id=\"e0f5875\" data-element_type=\"widget\" data-widget_type=\"heading.default\">\n\t\t\t\t<div class=\"elementor-widget-container\">\n\t\t\t\t\t<h2 class=\"elementor-heading-title elementor-size-default\">3 \u2013 Devis et validit\u00e9 des commandes<\/h2>\t\t\t\t<\/div>\n\t\t\t\t<\/div>\n\t\t\t\t<div class=\"elementor-element elementor-element-a3a8736 elementor-widget elementor-widget-text-editor\" data-id=\"a3a8736\" data-element_type=\"widget\" data-widget_type=\"text-editor.default\">\n\t\t\t\t<div class=\"elementor-widget-container\">\n\t\t\t\t\t\t\t\t\t<p><span style=\"font-weight: 400;\">Pour confirmer sa commande de mani\u00e8re d\u00e9finitive le client doit retourner \u00e0 <\/span><b>Val\u2019o buro<\/b><span style=\"font-weight: 400;\">, par tout moyen \u00e0 sa convenance, le devis sign\u00e9 avec la mention \u00ab\u00a0bon pour accord\u00a0\u00bb et les conditions g\u00e9n\u00e9rales de vente CGV sign\u00e9es sans aucune modification ainsi que le cachet commercial pour les professionnels.<\/span><\/p>\n<p><span style=\"font-weight: 400;\">En cas de confirmation de commande par mail, une mention devra pr\u00e9ciser l\u2019adh\u00e9sion pleine et enti\u00e8re du client aux CGV figurant dans le mail d\u2019envoi du devis.<\/span><\/p>\n<p><span style=\"font-weight: 400;\">Un acompte de 30% pourra \u00eatre demand\u00e9 \u00e0 la signature du devis. Le solde sera r\u00e9gl\u00e9 au comptant \u00e0 r\u00e9ception de la facture.<\/span><\/p>\n<p><span style=\"font-weight: 400;\">A d\u00e9faut de r\u00e9ception de l\u2019acceptation du devis et des CGV, du r\u00e8glement correspondant \u00e0 l\u2019acompte demand\u00e9, <\/span><b>Val\u2019o buro<\/b><span style=\"font-weight: 400;\"> se r\u00e9serve le droit de ne pas commencer sa prestation.<\/span><\/p>\t\t\t\t\t\t\t\t<\/div>\n\t\t\t\t<\/div>\n\t\t\t\t<div class=\"elementor-element elementor-element-95e9202 elementor-widget elementor-widget-heading\" data-id=\"95e9202\" data-element_type=\"widget\" data-widget_type=\"heading.default\">\n\t\t\t\t<div class=\"elementor-widget-container\">\n\t\t\t\t\t<h2 class=\"elementor-heading-title elementor-size-default\">4 \u2013 R\u00e9alisation<\/h2>\t\t\t\t<\/div>\n\t\t\t\t<\/div>\n\t\t\t\t<div class=\"elementor-element elementor-element-8f8c012 elementor-widget elementor-widget-text-editor\" data-id=\"8f8c012\" data-element_type=\"widget\" data-widget_type=\"text-editor.default\">\n\t\t\t\t<div class=\"elementor-widget-container\">\n\t\t\t\t\t\t\t\t\t<p><b>Val\u2019o<\/b><b> buro<\/b><span style=\"font-weight: 400;\">\u00a0s\u2019engage \u00e0 assurer les prestations de services demand\u00e9es par le client et \u00e0 proposer les d\u00e9lais les plus adapt\u00e9s \u00e0 la demande du client, dans la mesure de ses disponibilit\u00e9s, \u00e0 lui restituer les documents et travaux effectu\u00e9s pour son compte par l\u2019un des diff\u00e9rents moyens retenus lors de l\u2019acceptation du devis : remise en main propre, mail, courrier postal ou coursier (frais d\u2019exp\u00e9dition \u00e0 la charge du client).<\/span><\/p>\n<p><span style=\"font-weight: 400;\">Le client s\u2019engage \u00e0 mettre \u00e0 disposition de <\/span><b>Val\u2019o buro<\/b><span style=\"font-weight: 400;\"> tous les \u00e9l\u00e9ments n\u00e9cessaires \u00e0 l\u2019ex\u00e9cution de la prestation d\u00e9finie. Tout retard ou omission de sa part pourra entra\u00eener une r\u00e9vision de la date de livraison, soit une annulation de la commande.<\/span><span style=\"font-weight: 400;\"><br \/><\/span><span style=\"font-weight: 400;\">Les d\u00e9lais de livraison n\u2019\u00e9tant donn\u00e9s qu\u2019\u00e0 titre indicatif, leur d\u00e9passement ne pourra donner lieu, au profit du client, \u00e0 allocation de dommage et int\u00e9r\u00eats, p\u00e9nalit\u00e9s de retard ou annulation de la commande.<\/span><span style=\"font-weight: 400;\"><br \/><br \/><\/span><\/p>\n<p><b>Val\u2019o<\/b><b> buro<\/b><span style=\"font-weight: 400;\">\u00a0rectifiera dans les plus brefs d\u00e9lais et \u00e0 ses frais, les prestations fournies dont le d\u00e9faut de conformit\u00e9 aura \u00e9t\u00e9 d\u00fbment prouv\u00e9 par le client.<\/span><span style=\"font-weight: 400;\"><br \/><\/span><span style=\"font-weight: 400;\">Dans la limite du possible,\u00a0<\/span><b>Val\u2019o<\/b><b> buro<\/b><span style=\"font-weight: 400;\">\u00a0prendra en compte les \u00e9ventuelles modifications de la commande demand\u00e9es par le client \u00e0 condition qu\u2019elles soient notifi\u00e9es par \u00e9crit au maximum 2 jours avant la date pr\u00e9vue pour la fourniture des prestations. Ces modifications pourront donner lieu \u00e0 des modifications de tarifs.<\/span><span style=\"font-weight: 400;\"><br \/><\/span><span style=\"font-weight: 400;\">En cas d\u2019annulation de la commande par le client apr\u00e8s son acceptation, pour quelque raison que ce soit hormis la force majeure, l\u2019acompte vers\u00e9 \u00e0 la commande, tel que d\u00e9fini \u00e0 l\u2019article \u00ab\u00a0<\/span><i><span style=\"font-weight: 400;\">Paiement<\/span><\/i><span style=\"font-weight: 400;\">\u00a0\u00bb des pr\u00e9sentes Conditions G\u00e9n\u00e9rales de Vente sera de plein droit acquis \u00e0\u00a0<\/span><b>Val\u2019o<\/b><b> buro<\/b><span style=\"font-weight: 400;\">\u00a0et ne pourra donner lieu \u00e0 un quelconque remboursement.<\/span><\/p>\t\t\t\t\t\t\t\t<\/div>\n\t\t\t\t<\/div>\n\t\t\t\t<div class=\"elementor-element elementor-element-3daaafa elementor-widget elementor-widget-heading\" data-id=\"3daaafa\" data-element_type=\"widget\" data-widget_type=\"heading.default\">\n\t\t\t\t<div class=\"elementor-widget-container\">\n\t\t\t\t\t<h2 class=\"elementor-heading-title elementor-size-default\">5 \u2013 Livraison par voie postale<\/h2>\t\t\t\t<\/div>\n\t\t\t\t<\/div>\n\t\t\t\t<div class=\"elementor-element elementor-element-1e94fd8 elementor-widget elementor-widget-text-editor\" data-id=\"1e94fd8\" data-element_type=\"widget\" data-widget_type=\"text-editor.default\">\n\t\t\t\t<div class=\"elementor-widget-container\">\n\t\t\t\t\t\t\t\t\t<p><span style=\"font-weight: 400;\">Les d\u00e9lais de livraison indiqu\u00e9s pour l\u2019envoi postal lors de la prise de la commande avec le client ne sont donn\u00e9s qu\u2019\u00e0 titre indicatif et ne sont aucunement garantis dans la mesure o\u00f9 ils ne d\u00e9pendent pas de <strong>Val&rsquo;o<\/strong><\/span><b>\u00a0buro<\/b><span style=\"font-weight: 400;\">, mais du transporteur choisi par le client. Par cons\u00e9quence, tout retard dans la livraison des travaux ne pourra donner lieu au profit du client \u00e0 l\u2019annulation de la commande ou au b\u00e9n\u00e9fice de dommages et int\u00e9r\u00eats. La date \u00e0 retenir est soit celle du cachet de la poste soit la date de remise aux transporteurs.<\/span><span style=\"font-weight: 400;\"><br \/><\/span><span style=\"font-weight: 400;\">Le choix du transport par voie postale et les risques induits sont support\u00e9s en totalit\u00e9 par le client, y compris en cas de colis manquant ou d\u00e9t\u00e9rior\u00e9 lors de l\u2019acheminement postal.<\/span><\/p>\t\t\t\t\t\t\t\t<\/div>\n\t\t\t\t<\/div>\n\t\t\t\t<div class=\"elementor-element elementor-element-502b63b elementor-widget elementor-widget-heading\" data-id=\"502b63b\" data-element_type=\"widget\" data-widget_type=\"heading.default\">\n\t\t\t\t<div class=\"elementor-widget-container\">\n\t\t\t\t\t<h2 class=\"elementor-heading-title elementor-size-default\">6 \u2013 Tarifs et r\u00e8glement<\/h2>\t\t\t\t<\/div>\n\t\t\t\t<\/div>\n\t\t\t\t<div class=\"elementor-element elementor-element-f095a76 elementor-widget elementor-widget-text-editor\" data-id=\"f095a76\" data-element_type=\"widget\" data-widget_type=\"text-editor.default\">\n\t\t\t\t<div class=\"elementor-widget-container\">\n\t\t\t\t\t\t\t\t\t<h3><b>&#8211; Tarifs<\/b><\/h3><p><span style=\"font-weight: 400;\">Les prestations demand\u00e9es par le client feront l\u2019objet d\u2019un devis \u00e9tabli par\u00a0<\/span><b>Val\u2019o<\/b><b> buro<\/b><span style=\"font-weight: 400;\">\u00a0et valable un mois.\u00a0<\/span><\/p><p><span style=\"font-weight: 400;\">Toute commande n\u2019est enregistr\u00e9e qu\u2019\u00e0 compter de la date \u00e0 laquelle le devis et les pr\u00e9sentes conditions de vente sign\u00e9s sont parvenus \u00e0\u00a0<\/span><b>Val\u2019o<\/b><b> buro<\/b><b>.<\/b><span style=\"font-weight: 400;\"><br \/><\/span><span style=\"font-weight: 400;\">Les tarifs sont r\u00e9visables chaque ann\u00e9e au 1er janvier. Les prix sont libell\u00e9s en euros et calcul\u00e9s TTC (TVA de 20% applicable).<\/span><span style=\"font-weight: 400;\"><br \/><\/span><span style=\"font-weight: 400;\">Les frais de livraison engag\u00e9s par\u00a0<\/span><b>Val\u2019o<\/b><b> buro<\/b><span style=\"font-weight: 400;\"> seront refactur\u00e9s au client selon le tarif de La Poste en vigueur ou de l\u2019entreprise de transport retenue.<\/span><span style=\"font-weight: 400;\"><br \/><\/span><span style=\"font-weight: 400;\">Une majoration pourra \u00eatre appliqu\u00e9e pour les urgences (moins de 24h\/week-end et jours f\u00e9ri\u00e9s) et sera mentionn\u00e9e sur le devis.<\/span><\/p><p><span style=\"font-weight: 400;\">Toute prestation sur site ne repr\u00e9sentant pas trois heures de travail cons\u00e9cutives sera major\u00e9e de frais de d\u00e9placement selon le bar\u00e8me kilom\u00e9trique en vigueur ainsi que tout d\u00e9placement sup\u00e9rieur \u00e0 30 km du si\u00e8ge social de l\u2019entreprise <\/span><b>Val\u2019o buro<\/b><span style=\"font-weight: 400;\">.<\/span><\/p><h3><b>\u2013 Paiement<\/b><\/h3><p><span style=\"font-weight: 400;\">Aucun escompte ne sera consenti en cas de paiement anticip\u00e9.<\/span><span style=\"font-weight: 400;\"><br \/><\/span><span style=\"font-weight: 400;\">Sauf stipulation contraire, les prix sont payables \u00e0\u00a0<\/span><b>Val\u2019o<\/b><b> buro<\/b><span style=\"font-weight: 400;\">\u00a0\u00e0 r\u00e9ception de la facture par\u00a0<\/span><b>virement ou ch\u00e8que UNIQUEMENT<\/b><span style=\"font-weight: 400;\">.\u00a0Le r\u00e8glement en esp\u00e8ce sera accept\u00e9 contre r\u00e9c\u00e9piss\u00e9 pour les particuliers seulement \u00e0 la fin de la mission. <\/span><b>Val\u2019o<\/b><b> buro<\/b><span style=\"font-weight: 400;\">\u00a0ne d\u00e9butera ses prestations de services qu\u2019\u00e0 r\u00e9ception :<\/span><span style=\"font-weight: 400;\"><br \/><\/span><span style=\"font-weight: 400;\">\u2013 du devis sign\u00e9 pr\u00e9c\u00e9d\u00e9 de la mention \u00ab bon pour accord \u00bb<\/span><span style=\"font-weight: 400;\"><br \/><\/span><span style=\"font-weight: 400;\">\u2013 des conditions g\u00e9n\u00e9rales de vente sign\u00e9es<\/span><span style=\"font-weight: 400;\"><br \/><\/span><span style=\"font-weight: 400;\">\u2013 d\u2019un r\u00e8glement correspondant \u00e0 l\u2019acompte de 30 % si celui-ci est mentionn\u00e9 dans le devis<\/span><span style=\"font-weight: 400;\"><br \/><\/span><b>Le paiement par ch\u00e8que est accept\u00e9 mais Val\u2019o buro se r\u00e9serve le droit de refuser ce mode de r\u00e8glement.<\/b><\/p><h3><b>\u2013 Retard de paiement<\/b><\/h3><p><span style=\"font-weight: 400;\">En cas de d\u00e9faut de paiement total ou partiel des prestations, l\u2019acheteur doit verser \u00e0\u00a0<\/span><b>Val\u2019o<\/b><b> buro<\/b><span style=\"font-weight: 400;\">\u00a0des p\u00e9nalit\u00e9s de retard calcul\u00e9es au taux l\u00e9gal en vigueur retenu au jour de la livraison de la prestation. A compter du 1er janvier 2016, le taux d\u2019int\u00e9r\u00eat l\u00e9gal sera r\u00e9vis\u00e9 tous les 6 mois (Ordonnance n\u00b02014-947 du 20 ao\u00fbt 2014).<\/span><span style=\"font-weight: 400;\"><br \/><\/span><span style=\"font-weight: 400;\">Cette p\u00e9nalit\u00e9 est calcul\u00e9e sur le montant de la somme restant due, et court \u00e0 compter de la date d\u2019\u00e9ch\u00e9ance du prix sans qu\u2019aucune mise en demeure pr\u00e9alable ne soit n\u00e9cessaire.\u00a0<\/span><\/p><p><span style=\"font-weight: 400;\">Elles courent de plein droit le jour suivant la date de r\u00e8glement port\u00e9e sur la facture ou, \u00e0 d\u00e9faut, le 31\u00e8me jour suivant la date d\u2019ex\u00e9cution de la prestation demand\u00e9e. Les p\u00e9nalit\u00e9s de retard sont \u00e9gales \u00e0 9,3 % du montant de la facture par mois de retard. Le montant de l\u2019indemnit\u00e9 forfaitaire pour frais de recouvrement pr\u00e9vue au douzi\u00e8me alin\u00e9a du I de l\u2019article L. 441-6 est fix\u00e9 \u00e0 40 euros; elle sera due de plein droit et sans formalit\u00e9 par le professionnel en situation de retard.<\/span><\/p><p><span style=\"font-weight: 400;\">En cas de recouvrement judiciaire, le client supportera tous les frais de mise en demeure et de contentieux, ainsi que la facturation, \u00e0 titre de clause p\u00e9nale, d\u2019une somme \u00e9gale \u00e0 15% du montant total de la commande pass\u00e9e par le client avec un minimum forfaitaire de trente euros par dossier, et ce, sans pr\u00e9judice de tous dommage et int\u00e9r\u00eats ou indemnit\u00e9s que <\/span><b>Val\u2019o buro<\/b><span style=\"font-weight: 400;\"> pourrait r\u00e9clamer.<\/span><\/p><p><span style=\"font-weight: 400;\">En outre, <\/span><b>Val\u2019o buro<\/b><span style=\"font-weight: 400;\"> se r\u00e9serve le droit de suspendre ou de r\u00e9silier toutes les commandes ou contrats en cours du client, apr\u00e8s l\u2019envoi d\u2019une mise en demeure rest\u00e9e infructueuse.<\/span><\/p><h3><b>&#8211; Clause r\u00e9solutoire<\/b><\/h3><p><span style=\"font-weight: 400;\">Si dans les quinze jours qui suivent la mise en \u0153uvre de la clause \u00ab\u00a0<\/span><i><span style=\"font-weight: 400;\">Retard de paiement<\/span><\/i><span style=\"font-weight: 400;\">\u00a0\u00bb, le client ne s\u2019est pas acquitt\u00e9 des sommes restant dues, la vente sera r\u00e9solue de plein droit et pourra ouvrir droit \u00e0 l\u2019allocation de dommages et int\u00e9r\u00eats au profit de\u00a0<\/span><b>Val\u2019o<\/b><b> buro<\/b><span style=\"font-weight: 400;\">.<\/span><\/p>\t\t\t\t\t\t\t\t<\/div>\n\t\t\t\t<\/div>\n\t\t\t\t<div class=\"elementor-element elementor-element-a193338 elementor-widget elementor-widget-heading\" data-id=\"a193338\" data-element_type=\"widget\" data-widget_type=\"heading.default\">\n\t\t\t\t<div class=\"elementor-widget-container\">\n\t\t\t\t\t<h2 class=\"elementor-heading-title elementor-size-default\">6 \u2013 Confidentialit\u00e9<\/h2>\t\t\t\t<\/div>\n\t\t\t\t<\/div>\n\t\t\t\t<div class=\"elementor-element elementor-element-e89dc6c elementor-widget elementor-widget-text-editor\" data-id=\"e89dc6c\" data-element_type=\"widget\" data-widget_type=\"text-editor.default\">\n\t\t\t\t<div class=\"elementor-widget-container\">\n\t\t\t\t\t\t\t\t\t<p><span style=\"font-weight: 400;\">Chaque partie s\u2019engage \u00e0 conserver strictement confidentiels les donn\u00e9es, informations et documents concernant l\u2019autre partie, de quelque nature qu\u2019ils soient dont elle pourrait avoir connaissance \u00e0 l\u2019occasion du pr\u00e9sent contrat. Tout document confi\u00e9 par le client, inh\u00e9rent \u00e0 la mission, sera d\u00e9truit s\u2019il est de format num\u00e9rique, ou rendu au client s\u2019il est de format papier, sauf demande contraire \u00e9crite dudit client pour une \u00e9ventuelle utilisation future. Aucune information n\u2019est transmise ou vendue \u00e0 des tiers, sauf pour une raison juridiquement contraignant <strong>Val&rsquo;o<\/strong>\u00a0<\/span><b>buro<\/b><span style=\"font-weight: 400;\">.<\/span><\/p><p><span style=\"font-weight: 400;\">La responsabilit\u00e9 de <\/span><b>Val\u2019o buro<\/b><span style=\"font-weight: 400;\"> ne peut \u00eatre engag\u00e9e en raison d\u2019une interception ou d\u2019un d\u00e9tournement des informations lors du transfert des donn\u00e9es, notamment par internet. Par cons\u00e9quent, il appartient au client, lors de la commande, d\u2019informer <\/span><b>Val\u2019o buro<\/b><span style=\"font-weight: 400;\"> des moyens de transfert qu\u2019il souhaite utiliser pour garantir la confidentialit\u00e9 de toute information \u00e0 caract\u00e8re sensible.<\/span><\/p>\t\t\t\t\t\t\t\t<\/div>\n\t\t\t\t<\/div>\n\t\t\t\t<div class=\"elementor-element elementor-element-ec6bac6 elementor-widget elementor-widget-heading\" data-id=\"ec6bac6\" data-element_type=\"widget\" data-widget_type=\"heading.default\">\n\t\t\t\t<div class=\"elementor-widget-container\">\n\t\t\t\t\t<h2 class=\"elementor-heading-title elementor-size-default\">7 \u2013 Force majeure<\/h2>\t\t\t\t<\/div>\n\t\t\t\t<\/div>\n\t\t\t\t<div class=\"elementor-element elementor-element-feb72cf elementor-widget elementor-widget-text-editor\" data-id=\"feb72cf\" data-element_type=\"widget\" data-widget_type=\"text-editor.default\">\n\t\t\t\t<div class=\"elementor-widget-container\">\n\t\t\t\t\t\t\t\t\t<p><span style=\"font-weight: 400;\">La responsabilit\u00e9 de\u00a0<\/span><b>Val\u2019o<\/b><b> buro<\/b><span style=\"font-weight: 400;\">\u00a0ne pourra \u00eatre mise en \u0153uvre si la non-ex\u00e9cution ou le retard dans l\u2019ex\u00e9cution de l\u2019une de ses obligations d\u00e9crites dans les pr\u00e9sentes conditions g\u00e9n\u00e9rales de vente d\u00e9coule d\u2019un cas de force majeure. \u00c0 ce titre, la force majeure s\u2019entend de tout \u00e9v\u00e9nement ext\u00e9rieur, impr\u00e9visible et irr\u00e9sistible au sens de l\u2019article 1148 du Code civil.<\/span><span style=\"font-weight: 400;\"><br \/><\/span><span style=\"font-weight: 400;\">Ainsi,\u00a0<\/span><b>Val\u2019o<\/b><b> buro<\/b><span style=\"font-weight: 400;\">\u00a0n\u2019est pas responsable, notamment en cas d\u2019accident, d\u2019incendie, d\u2019inondation, d\u2019interruption de la fourniture d\u2019\u00e9nergie, de mati\u00e8res premi\u00e8res ou de mat\u00e9riels, ainsi qu\u2019en cas de gr\u00e8ves totales ou partielles de toute nature entravant la bonne marche des activit\u00e9s de\u00a0<\/span><b>Val\u2019o<\/b><b> buro<\/b><span style=\"font-weight: 400;\">, telles que les gr\u00e8ves de transports, des services postaux, des fournisseurs en \u00e9nergie, des t\u00e9l\u00e9communications, etc\u2026 La survenance d\u2019un cas de force majeure a pour effet de suspendre l\u2019ex\u00e9cution par\u00a0<\/span><b>Val\u2019o<\/b><b> buro<\/b><span style=\"font-weight: 400;\">\u00a0des obligations contractuelles du devis, de la commande ou des pr\u00e9sentes conditions g\u00e9n\u00e9rales de vente.<\/span><\/p>\t\t\t\t\t\t\t\t<\/div>\n\t\t\t\t<\/div>\n\t\t\t\t<div class=\"elementor-element elementor-element-f0ce07e elementor-widget elementor-widget-heading\" data-id=\"f0ce07e\" data-element_type=\"widget\" data-widget_type=\"heading.default\">\n\t\t\t\t<div class=\"elementor-widget-container\">\n\t\t\t\t\t<h2 class=\"elementor-heading-title elementor-size-default\">8 \u2013 Collaboration<\/h2>\t\t\t\t<\/div>\n\t\t\t\t<\/div>\n\t\t\t\t<div class=\"elementor-element elementor-element-c5bc84e elementor-widget elementor-widget-text-editor\" data-id=\"c5bc84e\" data-element_type=\"widget\" data-widget_type=\"text-editor.default\">\n\t\t\t\t<div class=\"elementor-widget-container\">\n\t\t\t\t\t\t\t\t\t<p><span style=\"font-weight: 400;\">Le client remettra \u00e0\u00a0<\/span><b>Val\u2019o buro<\/b><span style=\"font-weight: 400;\">\u00a0<\/span><span style=\"font-weight: 400;\">toutes les informations n\u00e9cessaires \u00e0 la bonne r\u00e9alisation des prestations d\u00fbment accept\u00e9es dans le devis.<\/span><span style=\"font-weight: 400;\"><br \/><\/span><span style=\"font-weight: 400;\">En cas d\u2019annulation d\u2019une commande en cours de r\u00e9alisation par le client, quelle qu\u2019en soit la cause, ce dernier s\u2019engage \u00e0 r\u00e9gler la totalit\u00e9 de la prestation d\u00e9j\u00e0 effectu\u00e9e. Cette annulation doit \u00eatre confirm\u00e9e par le client \u00e0\u00a0<\/span><b>Val\u2019o<\/b><b> buro<\/b><span style=\"font-weight: 400;\">\u00a0par \u00e9crit.<\/span><\/p>\t\t\t\t\t\t\t\t<\/div>\n\t\t\t\t<\/div>\n\t\t\t\t<div class=\"elementor-element elementor-element-4642aff elementor-widget elementor-widget-heading\" data-id=\"4642aff\" data-element_type=\"widget\" data-widget_type=\"heading.default\">\n\t\t\t\t<div class=\"elementor-widget-container\">\n\t\t\t\t\t<h2 class=\"elementor-heading-title elementor-size-default\">9 \u2013 Responsabilit\u00e9<\/h2>\t\t\t\t<\/div>\n\t\t\t\t<\/div>\n\t\t\t\t<div class=\"elementor-element elementor-element-84a7429 elementor-widget elementor-widget-text-editor\" data-id=\"84a7429\" data-element_type=\"widget\" data-widget_type=\"text-editor.default\">\n\t\t\t\t<div class=\"elementor-widget-container\">\n\t\t\t\t\t\t\t\t\t<p><b>Val\u2019o buro<\/b><span style=\"font-weight: 400;\"> s\u2019engage, \u00e0 titre d\u2019obligation de moyen, \u00e0 ex\u00e9cuter ses obligations avec tout le soin en usage dans sa profession et \u00e0 utiliser les r\u00e8gles de l\u2019art du moment.<\/span><\/p>\n<p><span style=\"font-weight: 400;\">Chacune des parties d\u00e9clare \u00eatre assur\u00e9e, notamment en Responsabilit\u00e9 Civile Professionnelle, aupr\u00e8s d\u2019une compagnie notoirement solvable et maintenir le r\u00e8glement des \u00e9ch\u00e9ances \u00e0 jour de toutes les polices d\u2019assurances n\u00e9cessaires.<\/span><\/p>\n<p><b>Val\u2019o buro<\/b><span style=\"font-weight: 400;\"> se r\u00e9serve le droit de refuser tous travaux dont les intentions seraient contraires \u00e0 l\u2019honn\u00eatet\u00e9 et \u00e0 la morale (pornographie, racisme, incitation \u00e0 la violence,\u2026)<\/span><\/p>\n<p><b>Val&rsquo;o<\/b><b>&nbsp;buro <\/b><span style=\"font-weight: 400;\">&nbsp;mettra en \u0153uvre tous les moyens \u00e0 sa disposition pour prendre soin et pr\u00e9server les fichiers informatiques et autres documents qui lui seront confi\u00e9s par le client pour la r\u00e9alisation de sa prestation. Toutefois, compte tenu des risques des dommages encourus par ce type de support, il appartiendra au client de s\u2019en pr\u00e9munir par tous moyens \u00e0 sa convenance.<\/span><\/p>\t\t\t\t\t\t\t\t<\/div>\n\t\t\t\t<\/div>\n\t\t\t\t<div class=\"elementor-element elementor-element-090c38d elementor-widget elementor-widget-heading\" data-id=\"090c38d\" data-element_type=\"widget\" data-widget_type=\"heading.default\">\n\t\t\t\t<div class=\"elementor-widget-container\">\n\t\t\t\t\t<h2 class=\"elementor-heading-title elementor-size-default\">10 \u2013 Propri\u00e9t\u00e9 intellectuelle<\/h2>\t\t\t\t<\/div>\n\t\t\t\t<\/div>\n\t\t\t\t<div class=\"elementor-element elementor-element-0c748e3 elementor-widget elementor-widget-text-editor\" data-id=\"0c748e3\" data-element_type=\"widget\" data-widget_type=\"text-editor.default\">\n\t\t\t\t<div class=\"elementor-widget-container\">\n\t\t\t\t\t\t\t\t\t<p><span style=\"font-weight: 400;\">Sauf convention contraire dans les conditions particuli\u00e8res, tout document \u00e9crit en vue d\u2019\u00eatre utilis\u00e9 par le client restera la propri\u00e9t\u00e9 de\u00a0<\/span><b>Val\u2019o<\/b><b> buro<\/b><span style=\"font-weight: 400;\">\u00a0jusqu\u2019au paiement de la totalit\u00e9 du montant des factures relatives \u00e0 la prestation de services.<\/span><span style=\"font-weight: 400;\"><br \/><\/span><span style=\"font-weight: 400;\">Toutes les r\u00e9alisations graphiques sont soumises au droit de son auteur et feront l\u2019objet de cession de droits d\u2019exploitation pour une dur\u00e9e limit\u00e9e selon l\u2019<\/span><b>article L.131-3 al.1er<\/b><span style=\"font-weight: 400;\">\u00a0du code de la propri\u00e9t\u00e9 intellectuelle.<\/span><\/p>\t\t\t\t\t\t\t\t<\/div>\n\t\t\t\t<\/div>\n\t\t\t\t<div class=\"elementor-element elementor-element-e53f949 elementor-widget elementor-widget-heading\" data-id=\"e53f949\" data-element_type=\"widget\" data-widget_type=\"heading.default\">\n\t\t\t\t<div class=\"elementor-widget-container\">\n\t\t\t\t\t<h2 class=\"elementor-heading-title elementor-size-default\">11 \u2013 Informatique et libert\u00e9s<\/h2>\t\t\t\t<\/div>\n\t\t\t\t<\/div>\n\t\t\t\t<div class=\"elementor-element elementor-element-369ec2e elementor-widget elementor-widget-text-editor\" data-id=\"369ec2e\" data-element_type=\"widget\" data-widget_type=\"text-editor.default\">\n\t\t\t\t<div class=\"elementor-widget-container\">\n\t\t\t\t\t\t\t\t\t<p><span style=\"font-weight: 400;\">En application de la loi n\u00b078-17 du 6 janvier 1978, il est rappel\u00e9 que les donn\u00e9es nominatives qui sont demand\u00e9es au client sont n\u00e9cessaires au traitement de sa commande et sont destin\u00e9es \u00e0 un usage interne par\u00a0<\/span><b>Val\u2019o<\/b><b> buro<\/b><span style=\"font-weight: 400;\">. Le client dispose donc d\u2019un droit d\u2019acc\u00e8s, de rectification ou d\u2019opposition s\u2019agissant des informations le concernant, dans les d\u00e9lais pr\u00e9vus par la loi et la r\u00e9glementation en vigueur.<\/span><\/p>\t\t\t\t\t\t\t\t<\/div>\n\t\t\t\t<\/div>\n\t\t\t\t<div class=\"elementor-element elementor-element-4ad961f elementor-widget elementor-widget-heading\" data-id=\"4ad961f\" data-element_type=\"widget\" data-widget_type=\"heading.default\">\n\t\t\t\t<div class=\"elementor-widget-container\">\n\t\t\t\t\t<h2 class=\"elementor-heading-title elementor-size-default\">12 \u2013 Loi et juridiction<\/h2>\t\t\t\t<\/div>\n\t\t\t\t<\/div>\n\t\t\t\t<div class=\"elementor-element elementor-element-8c4f19b elementor-widget elementor-widget-text-editor\" data-id=\"8c4f19b\" data-element_type=\"widget\" data-widget_type=\"text-editor.default\">\n\t\t\t\t<div class=\"elementor-widget-container\">\n\t\t\t\t\t\t\t\t\t<p><span style=\"font-weight: 400;\">Les pr\u00e9sentes Conditions G\u00e9n\u00e9rales de Vente et les relations contractuelles y aff\u00e9rentes sont r\u00e9gies par le droit fran\u00e7ais. Tout litige directement ou indirectement relatif aux relations contractuelles de\u00a0<\/span><b>Val\u2019o<\/b><b> buro<\/b><span style=\"font-weight: 400;\">\u00a0avec le client est de la comp\u00e9tence exclusive du Tribunal de Commerce de Montpellier.<\/span>\t\t\t\t\t\t\t\t<\/div>\n\t\t\t\t<\/div>\n\t\t\t\t<div class=\"elementor-element elementor-element-1d2957b elementor-widget elementor-widget-text-editor\" data-id=\"1d2957b\" data-element_type=\"widget\" data-widget_type=\"text-editor.default\">\n\t\t\t\t<div class=\"elementor-widget-container\">\n\t\t\t\t\t\t\t\t\t<p><span style=\"font-weight: 400;\">Derni\u00e8re mise \u00e0 jour\u00a0: 10 septembre 2019<\/span><\/p>\n<p><b><i>Les Conditions G\u00e9n\u00e9rales de Vente pouvant \u00eatre modifiables \u00e0 tout moment, seule la date de r\u00e9ception du devis sign\u00e9 sera admise pour l\u2019application des pr\u00e9sentes<\/i><\/b><\/p>\t\t\t\t\t\t\t\t<\/div>\n\t\t\t\t<\/div>\n\t\t\t\t\t<\/div>\n\t\t<\/div>\n\t\t\t\t\t<\/div>\n\t\t<\/section>\n\t\t\t\t<\/div>\n\t\t<!-- AddThis Advanced Settings generic via filter on the_content --><!-- AddThis Share Buttons generic via filter on the_content -->","protected":false},"excerpt":{"rendered":"<p>Conditions g\u00e9n\u00e9rales de vente 1 &#8211; Objet Les conditions g\u00e9n\u00e9rales de vente (CGV) d\u00e9crites ci-apr\u00e8s d\u00e9taillent les droits et obligations de l\u2019entreprise individuelle Val\u2019o buro repr\u00e9sent\u00e9e par Val\u00e9rie LUGANT et de son client particulier ou professionnel dans le cadre de la vente des prestations de services suivantes : Secr\u00e9tariat Assistance administrative Assistance commerciale Conseil en &hellip; <!-- AddThis Advanced Settings generic via filter on get_the_excerpt --><!-- AddThis Share Buttons generic via filter on get_the_excerpt --><\/p>\n","protected":false},"author":2,"featured_media":0,"parent":0,"menu_order":0,"comment_status":"closed","ping_status":"closed","template":"elementor_header_footer","meta":{"_monsterinsights_skip_tracking":false,"_monsterinsights_sitenote_active":false,"_monsterinsights_sitenote_note":"","_monsterinsights_sitenote_category":0,"footnotes":""},"class_list":["post-933","page","type-page","status-publish","hentry"],"yoast_head":"<!-- This site is optimized with the Yoast SEO plugin v24.1 - https:\/\/yoast.com\/wordpress\/plugins\/seo\/ -->\n<title>Conditions g\u00e9n\u00e9rales de vente assistante administrative - Val&#039;o Buro<\/title>\n<meta name=\"robots\" content=\"index, follow, max-snippet:-1, max-image-preview:large, max-video-preview:-1\" \/>\n<link rel=\"canonical\" href=\"https:\/\/valoburo.fr\/index.php\/conditions-generales-de-vente-assitante-administrative\/\" \/>\n<meta property=\"og:locale\" content=\"fr_FR\" \/>\n<meta property=\"og:type\" content=\"article\" \/>\n<meta property=\"og:title\" content=\"Conditions g\u00e9n\u00e9rales de vente assistante administrative - Val&#039;o Buro\" \/>\n<meta property=\"og:description\" content=\"Conditions g\u00e9n\u00e9rales de vente 1 &#8211; Objet Les conditions g\u00e9n\u00e9rales de vente (CGV) d\u00e9crites ci-apr\u00e8s d\u00e9taillent les droits et obligations de l\u2019entreprise individuelle Val\u2019o buro repr\u00e9sent\u00e9e par Val\u00e9rie LUGANT et de son client particulier ou professionnel dans le cadre de la vente des prestations de services suivantes : Secr\u00e9tariat Assistance administrative Assistance commerciale Conseil en &hellip;\" \/>\n<meta property=\"og:url\" content=\"https:\/\/valoburo.fr\/index.php\/conditions-generales-de-vente-assitante-administrative\/\" \/>\n<meta property=\"og:site_name\" content=\"Val&#039;o Buro\" \/>\n<meta property=\"article:modified_time\" content=\"2021-02-01T13:43:10+00:00\" \/>\n<meta name=\"twitter:card\" content=\"summary_large_image\" \/>\n<meta name=\"twitter:label1\" content=\"Dur\u00e9e de lecture est.\" \/>\n\t<meta name=\"twitter:data1\" content=\"12 minutes\" \/>\n<script type=\"application\/ld+json\" class=\"yoast-schema-graph\">{\"@context\":\"https:\/\/schema.org\",\"@graph\":[{\"@type\":\"WebPage\",\"@id\":\"https:\/\/valoburo.fr\/index.php\/conditions-generales-de-vente-assitante-administrative\/\",\"url\":\"https:\/\/valoburo.fr\/index.php\/conditions-generales-de-vente-assitante-administrative\/\",\"name\":\"Conditions g\u00e9n\u00e9rales de vente assistante administrative - Val&#039;o Buro\",\"isPartOf\":{\"@id\":\"https:\/\/valoburo.fr\/#website\"},\"datePublished\":\"2020-03-29T15:12:42+00:00\",\"dateModified\":\"2021-02-01T13:43:10+00:00\",\"breadcrumb\":{\"@id\":\"https:\/\/valoburo.fr\/index.php\/conditions-generales-de-vente-assitante-administrative\/#breadcrumb\"},\"inLanguage\":\"fr-BE\",\"potentialAction\":[{\"@type\":\"ReadAction\",\"target\":[\"https:\/\/valoburo.fr\/index.php\/conditions-generales-de-vente-assitante-administrative\/\"]}]},{\"@type\":\"BreadcrumbList\",\"@id\":\"https:\/\/valoburo.fr\/index.php\/conditions-generales-de-vente-assitante-administrative\/#breadcrumb\",\"itemListElement\":[{\"@type\":\"ListItem\",\"position\":1,\"name\":\"Home\",\"item\":\"https:\/\/valoburo.fr\/\"},{\"@type\":\"ListItem\",\"position\":2,\"name\":\"Conditions g\u00e9n\u00e9rales de vente assistante administrative\"}]},{\"@type\":\"WebSite\",\"@id\":\"https:\/\/valoburo.fr\/#website\",\"url\":\"https:\/\/valoburo.fr\/\",\"name\":\"Val&#039;o Buro\",\"description\":\"Une assistante administrative \u00e0 vos c\u00f4t\u00e9s\",\"potentialAction\":[{\"@type\":\"SearchAction\",\"target\":{\"@type\":\"EntryPoint\",\"urlTemplate\":\"https:\/\/valoburo.fr\/?s={search_term_string}\"},\"query-input\":{\"@type\":\"PropertyValueSpecification\",\"valueRequired\":true,\"valueName\":\"search_term_string\"}}],\"inLanguage\":\"fr-BE\"}]}<\/script>\n<!-- \/ Yoast SEO plugin. -->","yoast_head_json":{"title":"Conditions g\u00e9n\u00e9rales de vente assistante administrative - Val&#039;o Buro","robots":{"index":"index","follow":"follow","max-snippet":"max-snippet:-1","max-image-preview":"max-image-preview:large","max-video-preview":"max-video-preview:-1"},"canonical":"https:\/\/valoburo.fr\/index.php\/conditions-generales-de-vente-assitante-administrative\/","og_locale":"fr_FR","og_type":"article","og_title":"Conditions g\u00e9n\u00e9rales de vente assistante administrative - Val&#039;o Buro","og_description":"Conditions g\u00e9n\u00e9rales de vente 1 &#8211; Objet Les conditions g\u00e9n\u00e9rales de vente (CGV) d\u00e9crites ci-apr\u00e8s d\u00e9taillent les droits et obligations de l\u2019entreprise individuelle Val\u2019o buro repr\u00e9sent\u00e9e par Val\u00e9rie LUGANT et de son client particulier ou professionnel dans le cadre de la vente des prestations de services suivantes : Secr\u00e9tariat Assistance administrative Assistance commerciale Conseil en &hellip;","og_url":"https:\/\/valoburo.fr\/index.php\/conditions-generales-de-vente-assitante-administrative\/","og_site_name":"Val&#039;o Buro","article_modified_time":"2021-02-01T13:43:10+00:00","twitter_card":"summary_large_image","twitter_misc":{"Dur\u00e9e de lecture est.":"12 minutes"},"schema":{"@context":"https:\/\/schema.org","@graph":[{"@type":"WebPage","@id":"https:\/\/valoburo.fr\/index.php\/conditions-generales-de-vente-assitante-administrative\/","url":"https:\/\/valoburo.fr\/index.php\/conditions-generales-de-vente-assitante-administrative\/","name":"Conditions g\u00e9n\u00e9rales de vente assistante administrative - Val&#039;o Buro","isPartOf":{"@id":"https:\/\/valoburo.fr\/#website"},"datePublished":"2020-03-29T15:12:42+00:00","dateModified":"2021-02-01T13:43:10+00:00","breadcrumb":{"@id":"https:\/\/valoburo.fr\/index.php\/conditions-generales-de-vente-assitante-administrative\/#breadcrumb"},"inLanguage":"fr-BE","potentialAction":[{"@type":"ReadAction","target":["https:\/\/valoburo.fr\/index.php\/conditions-generales-de-vente-assitante-administrative\/"]}]},{"@type":"BreadcrumbList","@id":"https:\/\/valoburo.fr\/index.php\/conditions-generales-de-vente-assitante-administrative\/#breadcrumb","itemListElement":[{"@type":"ListItem","position":1,"name":"Home","item":"https:\/\/valoburo.fr\/"},{"@type":"ListItem","position":2,"name":"Conditions g\u00e9n\u00e9rales de vente assistante administrative"}]},{"@type":"WebSite","@id":"https:\/\/valoburo.fr\/#website","url":"https:\/\/valoburo.fr\/","name":"Val&#039;o Buro","description":"Une assistante administrative \u00e0 vos c\u00f4t\u00e9s","potentialAction":[{"@type":"SearchAction","target":{"@type":"EntryPoint","urlTemplate":"https:\/\/valoburo.fr\/?s={search_term_string}"},"query-input":{"@type":"PropertyValueSpecification","valueRequired":true,"valueName":"search_term_string"}}],"inLanguage":"fr-BE"}]}},"_links":{"self":[{"href":"https:\/\/valoburo.fr\/index.php\/wp-json\/wp\/v2\/pages\/933","targetHints":{"allow":["GET"]}}],"collection":[{"href":"https:\/\/valoburo.fr\/index.php\/wp-json\/wp\/v2\/pages"}],"about":[{"href":"https:\/\/valoburo.fr\/index.php\/wp-json\/wp\/v2\/types\/page"}],"author":[{"embeddable":true,"href":"https:\/\/valoburo.fr\/index.php\/wp-json\/wp\/v2\/users\/2"}],"replies":[{"embeddable":true,"href":"https:\/\/valoburo.fr\/index.php\/wp-json\/wp\/v2\/comments?post=933"}],"version-history":[{"count":10,"href":"https:\/\/valoburo.fr\/index.php\/wp-json\/wp\/v2\/pages\/933\/revisions"}],"predecessor-version":[{"id":1413,"href":"https:\/\/valoburo.fr\/index.php\/wp-json\/wp\/v2\/pages\/933\/revisions\/1413"}],"wp:attachment":[{"href":"https:\/\/valoburo.fr\/index.php\/wp-json\/wp\/v2\/media?parent=933"}],"curies":[{"name":"wp","href":"https:\/\/api.w.org\/{rel}","templated":true}]}}